{"id":122,"date":"2017-08-23T21:28:51","date_gmt":"2017-08-23T21:28:51","guid":{"rendered":"http:\/\/totaltheme.wpengine.com\/vanilla\/?page_id=122"},"modified":"2023-10-19T11:10:42","modified_gmt":"2023-10-19T11:10:42","slug":"die-initiative","status":"publish","type":"page","link":"https:\/\/respektieredeinegrenzen.com\/index.php\/die-initiative\/","title":{"rendered":"Die Initiative"},"content":{"rendered":"[vc_row column_spacing=&#8220;60&#8243; css=&#8220;.vc_custom_1503529746815{padding-top: 20px !important;}&#8220;][vc_column width=&#8220;1\/3&#8243;]<h2 class=\"vcex-heading vcex-module wpex-text-2xl wpex-font-normal wpex-m-auto wpex-max-w-100 vcex-heading-plain wpex-block\" style=\"font-size:36px;\"><span class=\"vcex-heading-inner wpex-inline-block wpex-clr\">\u00dcber RESPEKTIERE DEINE GRENZEN.<\/span><\/h2><div class=\"vcex-module vcex-divider-dots wpex-mr-auto wpex-ml-auto wpex-last-mr-0 textleft\" style=\"padding-bottom:20px;\"><span class=\"wpex-inline-block wpex-round wpex-bg-accent wpex-mr-10\"><\/span><span class=\"wpex-inline-block wpex-round wpex-bg-accent wpex-mr-10\"><\/span><span class=\"wpex-inline-block wpex-round wpex-bg-accent wpex-mr-10\"><\/span><\/div>[vc_column_text width=&#8220;450&#8243; css=&#8220;.vc_custom_1634027401187{margin-top: 0px !important;margin-right: 0px !important;margin-bottom: 0px !important;margin-left: 0px !important;}&#8220;]Im Jahr 2021 wurde die Initiative \u201eRespektiere deine Grenzen\u201c mit dem Ziel ins Leben gerufen, systematisch und fl\u00e4chendeckend Schutz f\u00fcr sensible Lebensr\u00e4ume in K\u00e4rnten zu schaffen. Damit sich Mensch und Natur nicht ins Gehege kommen, markieren Schilder solch entscheidende Gebiete im gesamten Land. Tiere und Pflanzen erhalten dadurch nicht nur eine Stimme, sondern auch den Raum, den sie tats\u00e4chlich ben\u00f6tigen. Eine umfangreiche Projektpartnerschaft soll f\u00fcr eine nachhaltige Umsetzung sorgen.<\/p>\n<p>Die Projekt-Partner:<\/p>\n<ul>\n<li><b><\/b><b>Land K\u00e4rnten<\/b><\/li>\n<li><b><\/b><b>Landwirtschaftskammer K\u00e4rnten<\/b><\/li>\n<li><b><\/b><b>K\u00e4rntner J\u00e4gerschaft<\/b><\/li>\n<li><b><\/b><b>K\u00e4rntner Almwirtschaftsverein<\/b><\/li>\n<li><b><\/b><b>Alpenverein &#8211; Landesverband K\u00e4rnten<\/b><\/li>\n<li><b><\/b><b>K\u00e4rntner Bergwanderf\u00fchrer<\/b><\/li>\n<li><b><\/b><b>Bergf\u00fchrerverband K\u00e4rnten<\/b><\/li>\n<li><b><\/b><b>K\u00e4rntner Bergwacht<\/b><\/li>\n<li><b><\/b><b>K\u00e4rnten Werbung<\/b><\/li>\n<li><b><\/b><b>Wirtschaftskammer K\u00e4rnten<\/b><\/li>\n<li><b><\/b><b>Maschinenring K\u00e4rnten<\/b><\/li>\n<\/ul>\n[\/vc_column_text][\/vc_column][vc_column width=&#8220;2\/3&#8243;]<figure class=\"vcex-image vcex-module wpex-clr\"><div class=\"vcex-image-inner wpex-inline-block wpex-relative\"><img decoding=\"async\" loading=\"lazy\" class=\"wpex-align-middle\" alt=\"Frau Steht Neben Ihrem Mountainbike Im Wald.\" src=\"https:\/\/respektieredeinegrenzen.com\/wp-content\/uploads\/2021\/12\/Sonnenuntergang-am-Nockberge-Trail-c-Daniel-Gollner_Medium.jpg\" width=\"1024\" height=\"545\" \/><\/div><\/figure>[\/vc_column][\/vc_row][vc_row full_width=&#8220;stretch_row&#8220; column_spacing=&#8220;60&#8243; css=&#8220;.vc_custom_1626252646209{padding-top: 20px !important;background-color: #f9f9f9 !important;}&#8220;][vc_column width=&#8220;1\/3&#8243;]<h2 class=\"vcex-heading vcex-module wpex-text-2xl wpex-font-normal wpex-m-auto wpex-max-w-100 vcex-heading-plain wpex-block\" style=\"font-size:36px;\"><span class=\"vcex-heading-inner wpex-inline-block wpex-clr\">Gemeinsam die Natur genie\u00dfen<\/span><\/h2><div class=\"vcex-module vcex-divider-dots wpex-mr-auto wpex-ml-auto wpex-last-mr-0 textleft\"><span class=\"wpex-inline-block wpex-round wpex-bg-accent wpex-mr-10\"><\/span><span class=\"wpex-inline-block wpex-round wpex-bg-accent wpex-mr-10\"><\/span><span class=\"wpex-inline-block wpex-round wpex-bg-accent wpex-mr-10\"><\/span><\/div>[\/vc_column][vc_column width=&#8220;2\/3&#8243;][vc_column_text]Aufkl\u00e4rung und gegenseitiger Dialog ist die Basis eines angemessenen Miteinander von Erholungssuchenden und Sportbegeisterten in unserer Naturlandschaft. Das wohl wichtigste dabei ist &#8222;Respekt&#8220;. Respekt vor der Natur und deiner Umgebung. Respekt vor deinen eigenen Grenzen. Jeder Beitrag zum Schutz unserer Natur und ihrer Bewohner z\u00e4hlt. Danke f\u00fcr deine Unterst\u00fctzung![\/vc_column_text][\/vc_column][\/vc_row][vc_row full_width=&#8220;stretch_row&#8220; column_spacing=&#8220;60&#8243; css=&#8220;.vc_custom_1626252762693{background-color: #f9f9f9 !important;}&#8220;][vc_column width=&#8220;1\/3&#8243;]<h2 class=\"vcex-heading vcex-module wpex-text-2xl wpex-font-normal wpex-m-auto wpex-max-w-100 vcex-heading-plain wpex-block\" style=\"font-size:36px;\"><span class=\"vcex-heading-inner wpex-inline-block wpex-clr\">Am Berg und im Wald<\/span><\/h2><div class=\"vcex-module vcex-divider-dots wpex-mr-auto wpex-ml-auto wpex-last-mr-0 textleft\"><span class=\"wpex-inline-block wpex-round wpex-bg-accent wpex-mr-10\"><\/span><span class=\"wpex-inline-block wpex-round wpex-bg-accent wpex-mr-10\"><\/span><span class=\"wpex-inline-block wpex-round wpex-bg-accent wpex-mr-10\"><\/span><\/div>[\/vc_column][vc_column width=&#8220;2\/3&#8243;][vc_column_text]Respekt vor Grenzen: Der Schutz unserer W\u00e4lder und des alpinen Lebensraums ist enorm wichtig. Mit etwas R\u00fccksichtnahme auf die Natur und ihre tierischen Bewohner sowie dem Einhalten einiger Regeln kann unser gemeinsames Ziel, unsere Naturlandschaft f\u00fcr nachfolgende Generationen in ihrer Sch\u00f6nheit zu erhalten, gelingen. Ein harmonisches und gemeinsames Miteinander von Mensch, Tier und Pflanzenwelt ist mit Einhaltung einiger Regeln sehr gut m\u00f6glich.[\/vc_column_text][\/vc_column][\/vc_row][vc_row full_width=&#8220;stretch_row&#8220; column_spacing=&#8220;60&#8243; css=&#8220;.vc_custom_1626252769779{background-color: #f9f9f9 !important;}&#8220;][vc_column width=&#8220;1\/3&#8243;]<h2 class=\"vcex-heading vcex-module wpex-text-2xl wpex-font-normal wpex-m-auto wpex-max-w-100 vcex-heading-plain wpex-block\" style=\"font-size:36px;\"><span class=\"vcex-heading-inner wpex-inline-block wpex-clr\">Auf der Alm<\/span><\/h2><div class=\"vcex-module vcex-divider-dots wpex-mr-auto wpex-ml-auto wpex-last-mr-0 textleft\"><span class=\"wpex-inline-block wpex-round wpex-bg-accent wpex-mr-10\"><\/span><span class=\"wpex-inline-block wpex-round wpex-bg-accent wpex-mr-10\"><\/span><span class=\"wpex-inline-block wpex-round wpex-bg-accent wpex-mr-10\"><\/span><\/div>[\/vc_column][vc_column width=&#8220;2\/3&#8243;][vc_column_text]Immer mehr Menschen zieht es f\u00fcr Freizeit und Urlaub in die Natur und in alpines Gel\u00e4nde. Ganz klar, dass Konfliktsituationen in letzter Zeit zugenommen haben. Eine steigende Freizeitnutzung erh\u00f6ht jedoch den Druck auf die traditionelle Almwirtschaft. Die traditionelle Almwirtschaft tr\u00e4gt in K\u00e4rnten bei rund 4.000 landwirtschaftlichen Betrieben zum Einkommen bei und ist mittlerweile auch ein enormer Tourismusfaktor. Erholungssuchende und Freizeitsportler sind gern gesehene G\u00e4ste. Die Alm ist jedoch nicht nur Erholungsraum, sondern Arbeitsplatz f\u00fcr die Almbauern und Lebensraum f\u00fcr Wild- und Nutztiere. Daf\u00fcr braucht es eine entsprechende R\u00fccksichtnahme und auch ein Bewusstsein der G\u00e4ste. Wir danken dir daf\u00fcr![\/vc_column_text][\/vc_column][\/vc_row][vc_row full_width=&#8220;stretch_row&#8220; column_spacing=&#8220;60&#8243; css=&#8220;.vc_custom_1626252776108{background-color: #f9f9f9 !important;}&#8220;][vc_column width=&#8220;1\/3&#8243;]<h2 class=\"vcex-heading vcex-module wpex-text-2xl wpex-font-normal wpex-m-auto wpex-max-w-100 vcex-heading-plain wpex-block\" style=\"font-size:36px;\"><span class=\"vcex-heading-inner wpex-inline-block wpex-clr\">Danke, dass du<\/span><\/h2><div class=\"vcex-module vcex-divider-dots wpex-mr-auto wpex-ml-auto wpex-last-mr-0 textleft\"><span class=\"wpex-inline-block wpex-round wpex-bg-accent wpex-mr-10\"><\/span><span class=\"wpex-inline-block wpex-round wpex-bg-accent wpex-mr-10\"><\/span><span class=\"wpex-inline-block wpex-round wpex-bg-accent wpex-mr-10\"><\/span><\/div>[\/vc_column][vc_column width=&#8220;2\/3&#8243;][vc_column_text]&#8230; die Vielfalt unserer Tier- und Pflanzenwelt respektierst.<\/p>\n<p>&#8230; dich \u00fcber die Initiative \u201eRespektiere deine Grenzen\u201c informierst.<\/p>\n<p>&#8230; r\u00fccksichts- und verst\u00e4ndnisvoll mit deiner Umwelt umgehst.<\/p>\n<p>&#8230; dein gewonnenes Wissen \u00fcber richtiges Verhalten in der Natur mit anderen teilst.[\/vc_column_text][\/vc_column][\/vc_row][vc_row][vc_column]<div class=\"vcex-heading vcex-module wpex-text-2xl wpex-font-normal wpex-m-auto wpex-max-w-100 vcex-heading-plain wpex-block wpex-text-center\" style=\"color:#dd3333;font-size:38px;\"><span class=\"vcex-heading-inner wpex-inline-block wpex-clr\">DIE INITIATOREN<\/span><\/div>[\/vc_column][\/vc_row][vc_row][vc_column width=&#8220;1\/6&#8243;][vc_single_image image=&#8220;972&#8243;]<div class=\"vcex-spacing wpex-w-100 wpex-clear\" style=\"height:10px\"><\/div>[vc_column_text]\n<h3 style=\"text-align: center;\">Landeshauptmann-Stellvertreter Martin Gruber<\/h3>\n[\/vc_column_text]<div class=\"vcex-spacing wpex-w-100 wpex-clear\" style=\"height:10px\"><\/div>[vc_column_text]\n<p style=\"text-align: center;\">Gemeinsam haben wir uns im Jahr 2021 das Ziel gesteckt, das Projekt \u201eRespektiere deine Grenzen\u201c zu starten und nachhaltig in K\u00e4rnten zu etablieren.<\/p>\n[\/vc_column_text][\/vc_column][vc_column width=&#8220;1\/6&#8243;][vc_single_image image=&#8220;970&#8243;]<div class=\"vcex-spacing wpex-w-100 wpex-clear\" style=\"height:10px\"><\/div>[vc_column_text]\n<h3 style=\"text-align: center;\">Georg Scheiflinger, Landesobmann Maschinenring<\/h3>\n[\/vc_column_text]<div class=\"vcex-spacing wpex-w-100 wpex-clear\" style=\"height:10px\"><\/div>[vc_column_text]\n<p style=\"text-align: center;\">Es freut uns sehr, dass wir mit einem der ersten Projekte im neuen Maschinenring-Agrarinnovationszentrum K\u00e4rnten einen Beitrag zu diesem wichtigen Thema leisten konnten. Aufkl\u00e4rung ist die wohl wichtigste Zutat f\u00fcr ein respektvolles Miteinander.<\/p>\n[\/vc_column_text][\/vc_column][vc_column width=&#8220;1\/6&#8243;][vc_single_image image=&#8220;969&#8243;]<div class=\"vcex-spacing wpex-w-100 wpex-clear\" style=\"height:10px\"><\/div>[vc_column_text]\n<h3 style=\"text-align: center;\">Mag. Christian Pinnegger, Obmann Verein K\u00e4rntner Bergwanderf\u00fchrer<\/h3>\n[\/vc_column_text]<div class=\"vcex-spacing wpex-w-100 wpex-clear\" style=\"height:10px\"><\/div>[vc_column_text]\n<p style=\"text-align: center;\">Naturschutz ist uns sehr wichtig!<br \/>\nEbenso wie ein r\u00fccksichtsvolles und professionelles Bewegen am Berg, ob privat oder bei gef\u00fchrten Touren.<\/p>\n[\/vc_column_text][\/vc_column][vc_column width=&#8220;1\/6&#8243;][vc_single_image image=&#8220;1149&#8243;]<div class=\"vcex-spacing wpex-w-100 wpex-clear\" style=\"height:10px\"><\/div>[vc_column_text]\n<h3 style=\"text-align: center;\">Mag. Klaus Ehrenbrandtner, GF K\u00e4rnten Werbung GmbH<\/h3>\n[\/vc_column_text]<div class=\"vcex-spacing wpex-w-100 wpex-clear\" style=\"height:10px\"><\/div>[vc_column_text]\n<p style=\"text-align: center;\">Ein respektvolles Miteinander von erholungssuchenden G\u00e4sten und Freizeitsport-Treibenden mit Grundst\u00fcckseigent\u00fcmern ist auch mir ein besonderes Anliegen. Die Plattform \u201eRespektiere deine Grenzen\u201c ist ein wichtiges Instrument zur Bewusstseins- bildung und Besucherlenkung in der freien Natur. Sie wird von uns unterst\u00fctzt und in der G\u00e4stekommunikation \u00fcberall mit transportiert, wo es m\u00f6glich und sinnvoll ist.<\/p>\n[\/vc_column_text][\/vc_column][vc_column width=&#8220;1\/6&#8243;][vc_single_image image=&#8220;971&#8243;]<div class=\"vcex-spacing wpex-w-100 wpex-clear\" style=\"height:10px\"><\/div>[vc_column_text]\n<h3 style=\"text-align: center;\">Landesj\u00e4germeister Dr. Walter Brunner<\/h3>\n[\/vc_column_text]<div class=\"vcex-spacing wpex-w-100 wpex-clear\" style=\"height:10px\"><\/div>[vc_column_text]\n<p style=\"text-align: center;\">An der K\u00e4rntner Natur haben viele Gruppen unterschiedliche Interessen: Die Forstwirtschaft, der Tourismus, die Freizeitsportler und \u2013 ganz besonders \u2013 die hier wildlebenden Tiere. Es ist unsere Pflicht, einen Ausgleich aller Gruppen zu finden, einander achtsam zu begegnen und dabei nicht auf jene zu vergessen, die selbst nicht die Stimme erheben k\u00f6nnen: Die heimischen Wildtiere.<\/p>\n[\/vc_column_text][\/vc_column][vc_column width=&#8220;1\/6&#8243;][vc_single_image image=&#8220;973&#8243;]<div class=\"vcex-spacing wpex-w-100 wpex-clear\" style=\"height:10px\"><\/div>[vc_column_text]\n<h3 style=\"text-align: center;\">Landwirtschaftskammer-Pr\u00e4sident Siegfried Huber<\/h3>\n[\/vc_column_text]<div class=\"vcex-spacing wpex-w-100 wpex-clear\" style=\"height:10px\"><\/div>[vc_column_text]\n<p style=\"text-align: center;\">Wir brauchen ein neues Bewusstsein daf\u00fcr, dass die Natur die viele so selbstverst\u00e4ndlich f\u00fcr ihre Freizeitaktivit\u00e4ten nutzen, unsere b\u00e4uerliche Produktionsgrundlage ist. Dazu kann und wird die Plattform \u201eRespektiere deine Grenzen\u201c beitragen. Wer auf unseren Fl\u00e4chen zu Gast ist, soll sich auch an gewisse Regeln halten. Denn gegenseitiger Respekt und Wertsch\u00e4tzung ist die Basis f\u00fcr ein gutes Miteinander.<\/p>\n[\/vc_column_text][\/vc_column][\/vc_row][vc_row full_width=&#8220;stretch_row_content&#8220; parallax=&#8220;content-moving&#8220; parallax_image=&#8220;228&#8243; wpex_bg_overlay=&#8220;dark&#8220; min_height=&#8220;400&#8243;][vc_column]<div class=\"vcex-spacing wpex-w-100 wpex-clear\" style=\"height:80px\"><\/div><h1 class=\"vcex-heading vcex-module wpex-text-2xl wpex-font-normal wpex-m-auto wpex-max-w-100 vcex-heading-plain wpex-block wpex-text-center\" style=\"color:#ffffff;font-size:24px;\"><span class=\"vcex-heading-inner wpex-inline-block wpex-clr\">Unsere Partner<\/span><\/h1><div class=\"vcex-module vcex-divider-dots wpex-mr-auto wpex-ml-auto wpex-last-mr-0 textcenter\"><span class=\"wpex-inline-block wpex-round wpex-bg-accent wpex-mr-10\" style=\"background:#dd3333;\"><\/span><span class=\"wpex-inline-block wpex-round wpex-bg-accent wpex-mr-10\" style=\"background:#dd3333;\"><\/span><span class=\"wpex-inline-block wpex-round wpex-bg-accent wpex-mr-10\" style=\"background:#dd3333;\"><\/span><\/div><div class=\"vcex-spacing wpex-w-100 wpex-clear\" style=\"height:30px\"><\/div>[vc_column_text color=&#8220;#ffffff&#8220; font_size=&#8220;18&#8243;]\n<p style=\"text-align: center;\"><span style=\"font-size: 18px;\">Die Landwirtschaftskammer K\u00e4rnten, die K\u00e4rntner J\u00e4gerschaft, der K\u00e4rntner Almwirtschaftsverein,<br \/>\n<\/span><span style=\"font-size: 18px;\">der Alpenverein, die K\u00e4rntner Bergwanderf\u00fchrer, der Bergf\u00fchrerverband K\u00e4rnten,<br \/>\ndie K\u00e4rntner Bergwacht, die K\u00e4rnten Werbung, die Wirtschaftskammer K\u00e4rnten und<br \/>\nder Maschinenring K\u00e4rnten arbeiten \u00a0f\u00fcr den Schutz unserer Naturlandschaft intensiv zusammen.<\/span><\/p>\n[\/vc_column_text][\/vc_column][\/vc_row][vc_row full_width=&#8220;stretch_row&#8220; parallax=&#8220;content-moving&#8220; css=&#8220;.vc_custom_1626334262848{padding-top: 100px !important;padding-bottom: 60px !important;background-color: #dbdbdb !important;}&#8220;][vc_column]<div class=\"vcex-heading vcex-module wpex-text-2xl wpex-font-normal wpex-m-auto wpex-max-w-100 vcex-heading-plain wpex-block wpex-text-center\" style=\"color:#dd3333;font-size:38px;\"><span class=\"vcex-heading-inner wpex-inline-block wpex-clr\">MEHR \u00dcBER DIE PROJEKTPARTNER<\/span><\/div><div class=\"vcex-module vcex-divider-dots wpex-mr-auto wpex-ml-auto wpex-last-mr-0 textcenter\"><span class=\"wpex-inline-block wpex-round wpex-bg-accent wpex-mr-10\" style=\"background:#dd3333;\"><\/span><span class=\"wpex-inline-block wpex-round wpex-bg-accent wpex-mr-10\" style=\"background:#dd3333;\"><\/span><span class=\"wpex-inline-block wpex-round wpex-bg-accent wpex-mr-10\" style=\"background:#dd3333;\"><\/span><\/div>[vc_column_text text_align=&#8220;center&#8220; width=&#8220;650px&#8220; font_size=&#8220;20px&#8220; color=&#8220;#000000&#8243;]Hier kannst du dich \u00fcber die Leistungen, Aktivit\u00e4ten und Angebote unserer Projektpartner informieren. Einfach auf das jeweilige Logo klicken und loslegen.[\/vc_column_text]<div class=\"vcex-spacing wpex-w-100 wpex-clear\" style=\"height:30px\"><\/div><div class=\"vcex-module wpex-carousel wpex-carousel-images wpex-clr owl-carousel arrwstyle-default\" data-wpex-carousel=\"{&quot;nav&quot;:true,&quot;dots&quot;:false,&quot;autoplay&quot;:false,&quot;loop&quot;:true,&quot;center&quot;:false,&quot;smartSpeed&quot;:250,&quot;items&quot;:5,&quot;slideBy&quot;:1,&quot;autoplayTimeout&quot;:5000,&quot;margin&quot;:15,&quot;itemsTablet&quot;:3,&quot;itemsMobileLandscape&quot;:2,&quot;itemsMobilePortrait&quot;:1,&quot;autoWidth&quot;:false,&quot;autoHeight&quot;:false}\"><div class=\"wpex-carousel-slide\"><figure class=\"wpex-carousel-entry-media entry-media wpex-rounded-lg\"><a href=\"https:\/\/www.kaernten.tv\/\" class=\"wpex-carousel-entry-img\" target=\"_blank\"><img loading=\"lazy\" decoding=\"async\" data-no-lazy=\"1\" class=\"wpex-align-middle wpex-rounded-lg skip-lazy\" src=\"https:\/\/respektieredeinegrenzen.com\/wp-content\/uploads\/2021\/07\/01-Landesregierung.jpg\" alt=\"\" width=\"501\" height=\"501\" \/><\/a><\/figure><\/div><div class=\"wpex-carousel-slide\"><figure class=\"wpex-carousel-entry-media entry-media wpex-rounded-lg\"><a href=\"https:\/\/www.kaerntner-jaegerschaft.at\/\" class=\"wpex-carousel-entry-img\" target=\"_blank\"><img loading=\"lazy\" decoding=\"async\" data-no-lazy=\"1\" class=\"wpex-align-middle wpex-rounded-lg skip-lazy\" src=\"https:\/\/respektieredeinegrenzen.com\/wp-content\/uploads\/2021\/07\/01-Kaerntner-Jaegerschaft.jpg\" alt=\"\" width=\"334\" height=\"334\" \/><\/a><\/figure><\/div><div class=\"wpex-carousel-slide\"><figure class=\"wpex-carousel-entry-media entry-media wpex-rounded-lg\"><a href=\"https:\/\/ktn.lko.at\/\" class=\"wpex-carousel-entry-img\" target=\"_blank\"><img loading=\"lazy\" decoding=\"async\" data-no-lazy=\"1\" class=\"wpex-align-middle wpex-rounded-lg skip-lazy\" src=\"https:\/\/respektieredeinegrenzen.com\/wp-content\/uploads\/2021\/07\/04-Landwirtschaftskammer-1.jpg\" alt=\"\" width=\"334\" height=\"334\" \/><\/a><\/figure><\/div><div class=\"wpex-carousel-slide\"><figure class=\"wpex-carousel-entry-media entry-media wpex-rounded-lg\"><a href=\"https:\/\/www.kaernten.at\/\" class=\"wpex-carousel-entry-img\" target=\"_blank\"><img loading=\"lazy\" decoding=\"async\" data-no-lazy=\"1\" class=\"wpex-align-middle wpex-rounded-lg skip-lazy\" src=\"https:\/\/respektieredeinegrenzen.com\/wp-content\/uploads\/2021\/07\/02-Kaernten-Werbung.jpg\" alt=\"\" width=\"334\" height=\"334\" \/><\/a><\/figure><\/div><div class=\"wpex-carousel-slide\"><figure class=\"wpex-carousel-entry-media entry-media wpex-rounded-lg\"><a href=\"https:\/\/www.alpenverein.at\/kaernten\/\" class=\"wpex-carousel-entry-img\" target=\"_blank\"><img loading=\"lazy\" decoding=\"async\" data-no-lazy=\"1\" class=\"wpex-align-middle wpex-rounded-lg skip-lazy\" src=\"https:\/\/respektieredeinegrenzen.com\/wp-content\/uploads\/2021\/10\/06-Alpenverein.jpg\" alt=\"\" width=\"334\" height=\"334\" \/><\/a><\/figure><\/div><\/div><div class=\"vcex-spacing wpex-w-100 wpex-clear\" style=\"height:100px\"><\/div><div class=\"vcex-module wpex-carousel wpex-carousel-images wpex-clr owl-carousel arrwstyle-default\" data-wpex-carousel=\"{&quot;nav&quot;:true,&quot;dots&quot;:false,&quot;autoplay&quot;:false,&quot;loop&quot;:true,&quot;center&quot;:false,&quot;smartSpeed&quot;:250,&quot;items&quot;:5,&quot;slideBy&quot;:1,&quot;autoplayTimeout&quot;:5000,&quot;margin&quot;:15,&quot;itemsTablet&quot;:3,&quot;itemsMobileLandscape&quot;:2,&quot;itemsMobilePortrait&quot;:1,&quot;autoWidth&quot;:false,&quot;autoHeight&quot;:false}\"><div class=\"wpex-carousel-slide\"><figure class=\"wpex-carousel-entry-media entry-media wpex-rounded-lg\"><a href=\"https:\/\/www.almwirtschaft-ktn.at\/\" class=\"wpex-carousel-entry-img\" target=\"_blank\"><img loading=\"lazy\" decoding=\"async\" data-no-lazy=\"1\" class=\"wpex-align-middle wpex-rounded-lg skip-lazy\" src=\"https:\/\/respektieredeinegrenzen.com\/wp-content\/uploads\/2021\/07\/03-Kaernten-Werbung-1.jpg\" alt=\"\" width=\"334\" height=\"334\" \/><\/a><\/figure><\/div><div class=\"wpex-carousel-slide\"><figure class=\"wpex-carousel-entry-media entry-media wpex-rounded-lg\"><a href=\"https:\/\/www.bergwanderfuehrer-kaernten.at\/\" class=\"wpex-carousel-entry-img\" target=\"_blank\"><img loading=\"lazy\" decoding=\"async\" data-no-lazy=\"1\" class=\"wpex-align-middle wpex-rounded-lg skip-lazy\" src=\"https:\/\/respektieredeinegrenzen.com\/wp-content\/uploads\/2021\/07\/07-Bergwanderfuehrer.jpg\" alt=\"\" width=\"334\" height=\"334\" \/><\/a><\/figure><\/div><div class=\"wpex-carousel-slide\"><figure class=\"wpex-carousel-entry-media entry-media wpex-rounded-lg\"><a href=\"https:\/\/www.kaernten.bergfuehrer.at\/\" class=\"wpex-carousel-entry-img\" target=\"_blank\"><img loading=\"lazy\" decoding=\"async\" data-no-lazy=\"1\" class=\"wpex-align-middle wpex-rounded-lg skip-lazy\" src=\"https:\/\/respektieredeinegrenzen.com\/wp-content\/uploads\/2021\/07\/0-BergSkiFuehrer.jpg\" alt=\"\" width=\"334\" height=\"334\" \/><\/a><\/figure><\/div><div class=\"wpex-carousel-slide\"><figure class=\"wpex-carousel-entry-media entry-media wpex-rounded-lg\"><a href=\"https:\/\/www.wko.at\/service\/k\/wirtschaftskammer.html\" class=\"wpex-carousel-entry-img\" target=\"_blank\"><img loading=\"lazy\" decoding=\"async\" data-no-lazy=\"1\" class=\"wpex-align-middle wpex-rounded-lg skip-lazy\" src=\"https:\/\/respektieredeinegrenzen.com\/wp-content\/uploads\/2021\/07\/09-Wirtschaftskammer.jpg\" alt=\"\" width=\"334\" height=\"334\" \/><\/a><\/figure><\/div><div class=\"wpex-carousel-slide\"><figure class=\"wpex-carousel-entry-media entry-media wpex-rounded-lg\"><a href=\"https:\/\/www.maschinenring.at\/\" class=\"wpex-carousel-entry-img\" target=\"_blank\"><img loading=\"lazy\" decoding=\"async\" data-no-lazy=\"1\" class=\"wpex-align-middle wpex-rounded-lg skip-lazy\" src=\"https:\/\/respektieredeinegrenzen.com\/wp-content\/uploads\/2021\/07\/10-Maschinenring.jpg\" alt=\"\" width=\"334\" height=\"334\" \/><\/a><\/figure><\/div><\/div><div class=\"vcex-spacing wpex-w-100 wpex-clear\" style=\"height:20px\"><\/div>[\/vc_column][\/vc_row][vc_row css=&#8220;.vc_custom_1624375160040{padding-top: 60px !important;}&#8220; el_id=&#8220;2&#8243;][vc_column]<h2 class=\"vcex-heading vcex-module wpex-text-2xl wpex-font-normal wpex-m-auto wpex-max-w-100 vcex-heading-plain wpex-block wpex-text-center\" style=\"font-size:36px;\"><span class=\"vcex-heading-inner wpex-inline-block wpex-clr\">UNSER SERVICE F\u00dcR EUCH<\/span><\/h2><div class=\"vcex-module vcex-divider-dots wpex-mr-auto wpex-ml-auto wpex-last-mr-0 textcenter\"><span class=\"wpex-inline-block wpex-round wpex-bg-accent wpex-mr-10\" style=\"background:#748e9e;\"><\/span><span class=\"wpex-inline-block wpex-round wpex-bg-accent wpex-mr-10\" style=\"background:#748e9e;\"><\/span><span class=\"wpex-inline-block wpex-round wpex-bg-accent wpex-mr-10\" style=\"background:#748e9e;\"><\/span><\/div>[\/vc_column][\/vc_row][vc_row css=&#8220;.vc_custom_1503272898180{padding-bottom: 35px !important;}&#8220;][vc_column width=&#8220;1\/3&#8243;]<div class=\"vcex-module vcex-icon-box vcex-icon-box-two wpex-relative wpex-text-center\"><div class=\"vcex-icon-box-symbol wpex-mb-20\"><img decoding=\"async\" loading=\"lazy\" class=\"vcex-icon-box-image wpex-align-middle\" style=\"width:400 px;\" src=\"https:\/\/respektieredeinegrenzen.com\/wp-content\/uploads\/2021\/07\/portal-400x249.jpg\" alt=\"\" width=\"400\" height=\"249\" \/><\/a><\/div><div class=\"vcex-icon-box-text\"><h3 class=\"vcex-icon-box-heading wpex-heading wpex-text-md wpex-mb-10\" style=\"font-size:18px;\">Plane deine Tour mit uns<\/h3><div class=\"vcex-icon-box-content wpex-last-mb-0 wpex-clr\"><p>Das Tourenportal K\u00e4rnten liefert Routen mit Detail-Informationen und Tipps rund ums Wandern, Radfahren, Laufen, Klettern, Ski-Tourengehen, Freeriden oder Motorradfahren. Einfach reinklicken und deine Tour finden. Hier geht\u00b4s zum Tourenportal!<\/p>\n<\/div><\/div><\/div><div class=\"vcex-spacing wpex-w-100 wpex-clear\" style=\"height:30px\"><\/div>[vc_btn title=&#8220;ZUM TOURENPORTAL&#8220; color=&#8220;danger&#8220; align=&#8220;center&#8220; link=&#8220;url:https%3A%2F%2Frespektieredeinegrenzen.com%2Findex.php%2Ftourenplanung%2F%23filter%3Dr-fullyTranslatedLangus-%2Cr-onlyOpened-%2Csb-sortedBy-0%26zc%3D10%2C14.73404%2C46.94947|target:_blank&#8220;][\/vc_column][vc_column width=&#8220;1\/3&#8243;]<div class=\"vcex-module vcex-icon-box vcex-icon-box-two wpex-relative wpex-text-center\"><div class=\"vcex-icon-box-symbol wpex-mb-20\"><img decoding=\"async\" loading=\"lazy\" class=\"vcex-icon-box-image wpex-align-middle\" style=\"width:400px;\" src=\"https:\/\/respektieredeinegrenzen.com\/wp-content\/uploads\/2021\/07\/Kaerntner-Jaegerschaft-400x267.jpg\" alt=\"\" width=\"400\" height=\"267\" \/><\/a><\/div><div class=\"vcex-icon-box-text\"><h3 class=\"vcex-icon-box-heading wpex-heading wpex-text-md wpex-mb-10\" style=\"font-size:18px;\">Die K\u00e4rntner J\u00e4gerschaft<\/h3><div class=\"vcex-icon-box-content wpex-last-mb-0 wpex-clr\"><p>Wer ist die K\u00e4rntner J\u00e4gerschaft, wof\u00fcr steht sie und welche Leistungen vollbringt sie? Fragen, die eine neue Brosch\u00fcre der K\u00e4rntner J\u00e4gerschaft beantwortet. Wer sie online aufruft, hat sogar noch mehr davon: Integrierte Bewegbilder umrahmen die Informationen rund um das Schloss\u2026<\/p>\n<\/div><\/div><\/div><div class=\"vcex-spacing wpex-w-100 wpex-clear\" style=\"height:30px\"><\/div>[vc_btn title=&#8220;ZUR BROSCH\u00dcRE&#8220; color=&#8220;danger&#8220; align=&#8220;center&#8220; link=&#8220;url:https%3A%2F%2Fwww.unserebroschuere.at%2Fkaerntner-jaegerschaft%2FWebView%2F|target:_blank&#8220;][\/vc_column][vc_column width=&#8220;1\/3&#8243;]<div class=\"vcex-module vcex-icon-box vcex-icon-box-two wpex-relative wpex-text-center\"><div class=\"vcex-icon-box-symbol wpex-mb-20\"><img decoding=\"async\" loading=\"lazy\" class=\"vcex-icon-box-image wpex-align-middle\" style=\"width:400 px;\" src=\"https:\/\/respektieredeinegrenzen.com\/wp-content\/uploads\/2021\/06\/Almwirtschaftsverein-400x267.jpg\" alt=\"\" width=\"400\" height=\"267\" \/><\/a><\/div><div class=\"vcex-icon-box-text\"><h3 class=\"vcex-icon-box-heading wpex-heading wpex-text-md wpex-mb-10\" style=\"font-size:18px;\">Der Almwirtschaftsverein<\/h3><div class=\"vcex-icon-box-content wpex-last-mb-0 wpex-clr\"><p>Erfahre alles \u00fcber das Leben, das Arbeiten und das Erlebnis Alm in K\u00e4rnten. Gemeinsam mit seinen Mitgliedern sorgt der Verein daf\u00fcr, dass K\u00e4rntens Almen auch in Zukunft als Lebensraum f\u00fcr Tiere und als Erholungsraum f\u00fcr alle erhalten bleiben. Besuchen Sie die wundersch\u00f6nen Almen in K\u00e4rnten.<\/p>\n<\/div><\/div><\/div><div class=\"vcex-spacing wpex-w-100 wpex-clear\" style=\"height:30px\"><\/div>[vc_btn title=&#8220;ZUM ALMWIRTSCHAFTSVEREIN&#8220; color=&#8220;danger&#8220; align=&#8220;center&#8220; link=&#8220;url:https%3A%2F%2Fwww.almwirtschaft-ktn.at|target:_blank&#8220;][\/vc_column][\/vc_row]\n","protected":false},"excerpt":{"rendered":"<p>[vc_row column_spacing=&#8220;60&#8243; css=&#8220;.vc_custom_1503529746815{padding-top: 20px !important;}&#8220;][vc_column width=&#8220;1\/3&#8243;][vc_column_text width=&#8220;450&#8243; css=&#8220;.vc_custom_1634027401187{margin-top: 0px !important;margin-right: 0px !important;margin-bottom: 0px !important;margin-left: 0px !important;}&#8220;]Im Jahr 2021 wurde die Initiative \u201eRespektiere deine Grenzen\u201c mit dem Ziel ins Leben gerufen, systematisch und fl\u00e4chendeckend Schutz f\u00fcr sensible Lebensr\u00e4ume in K\u00e4rnten zu&hellip;<\/p>\n","protected":false},"author":1,"featured_media":0,"parent":0,"menu_order":0,"comment_status":"closed","ping_status":"closed","template":"","meta":{"spay_email":"","footnotes":""},"class_list":["post-122","page","type-page","status-publish","hentry","entry","no-media"],"yoast_head":"<!-- This site is optimized with the Yoast SEO plugin v16.5 - https:\/\/yoast.com\/wordpress\/plugins\/seo\/ -->\n<title>Die Initiative - Respektiere deine Grenzen<\/title>\n<meta name=\"robots\" content=\"index, follow, max-snippet:-1, max-image-preview:large, max-video-preview:-1\" \/>\n<link rel=\"canonical\" href=\"https:\/\/respektieredeinegrenzen.com\/index.php\/die-initiative\/\" \/>\n<meta property=\"og:locale\" content=\"de_DE\" \/>\n<meta property=\"og:type\" content=\"article\" \/>\n<meta property=\"og:title\" content=\"Die Initiative - Respektiere deine Grenzen\" \/>\n<meta property=\"og:description\" content=\"[vc_row column_spacing=&#8220;60&#8243; css=&#8220;.vc_custom_1503529746815{padding-top: 20px !important;}&#8220;][vc_column width=&#8220;1\/3&#8243;][vc_column_text width=&#8220;450&#8243; css=&#8220;.vc_custom_1634027401187{margin-top: 0px !important;margin-right: 0px !important;margin-bottom: 0px !important;margin-left: 0px !important;}&#8220;]Im Jahr 2021 wurde die Initiative \u201eRespektiere deine Grenzen\u201c mit dem Ziel ins Leben gerufen, systematisch und fl\u00e4chendeckend Schutz f\u00fcr sensible Lebensr\u00e4ume in K\u00e4rnten zu&hellip;\" \/>\n<meta property=\"og:url\" content=\"https:\/\/respektieredeinegrenzen.com\/index.php\/die-initiative\/\" \/>\n<meta property=\"og:site_name\" content=\"Respektiere deine Grenzen\" \/>\n<meta property=\"article:modified_time\" content=\"2023-10-19T11:10:42+00:00\" \/>\n<meta name=\"twitter:card\" content=\"summary_large_image\" \/>\n<meta name=\"twitter:label1\" content=\"Gesch\u00e4tzte Lesezeit\" \/>\n\t<meta name=\"twitter:data1\" content=\"5\u00a0Minuten\" \/>\n<script type=\"application\/ld+json\" class=\"yoast-schema-graph\">{\"@context\":\"https:\/\/schema.org\",\"@graph\":[{\"@type\":\"Organization\",\"@id\":\"https:\/\/respektieredeinegrenzen.com\/#organization\",\"name\":\"Respektiere deine Grenzen\",\"url\":\"https:\/\/respektieredeinegrenzen.com\/\",\"sameAs\":[],\"logo\":{\"@type\":\"ImageObject\",\"@id\":\"https:\/\/respektieredeinegrenzen.com\/#logo\",\"inLanguage\":\"de\",\"url\":\"https:\/\/respektieredeinegrenzen.com\/wp-content\/uploads\/2021\/06\/Unknown.png\",\"contentUrl\":\"https:\/\/respektieredeinegrenzen.com\/wp-content\/uploads\/2021\/06\/Unknown.png\",\"width\":388,\"height\":130,\"caption\":\"Respektiere deine Grenzen\"},\"image\":{\"@id\":\"https:\/\/respektieredeinegrenzen.com\/#logo\"}},{\"@type\":\"WebSite\",\"@id\":\"https:\/\/respektieredeinegrenzen.com\/#website\",\"url\":\"https:\/\/respektieredeinegrenzen.com\/\",\"name\":\"Respektiere deine Grenzen\",\"description\":\"Land K\\u00e4rnten\",\"publisher\":{\"@id\":\"https:\/\/respektieredeinegrenzen.com\/#organization\"},\"potentialAction\":[{\"@type\":\"SearchAction\",\"target\":\"https:\/\/respektieredeinegrenzen.com\/?s={search_term_string}\",\"query-input\":\"required name=search_term_string\"}],\"inLanguage\":\"de\"},{\"@type\":\"WebPage\",\"@id\":\"https:\/\/respektieredeinegrenzen.com\/index.php\/die-initiative\/#webpage\",\"url\":\"https:\/\/respektieredeinegrenzen.com\/index.php\/die-initiative\/\",\"name\":\"Die Initiative - Respektiere deine Grenzen\",\"isPartOf\":{\"@id\":\"https:\/\/respektieredeinegrenzen.com\/#website\"},\"datePublished\":\"2017-08-23T21:28:51+00:00\",\"dateModified\":\"2023-10-19T11:10:42+00:00\",\"breadcrumb\":{\"@id\":\"https:\/\/respektieredeinegrenzen.com\/index.php\/die-initiative\/#breadcrumb\"},\"inLanguage\":\"de\",\"potentialAction\":[{\"@type\":\"ReadAction\",\"target\":[\"https:\/\/respektieredeinegrenzen.com\/index.php\/die-initiative\/\"]}]},{\"@type\":\"BreadcrumbList\",\"@id\":\"https:\/\/respektieredeinegrenzen.com\/index.php\/die-initiative\/#breadcrumb\",\"itemListElement\":[{\"@type\":\"ListItem\",\"position\":1,\"name\":\"Die Initiative\"}]}]}<\/script>\n<!-- \/ Yoast SEO plugin. -->","jetpack_sharing_enabled":true,"_links":{"self":[{"href":"https:\/\/respektieredeinegrenzen.com\/index.php\/wp-json\/wp\/v2\/pages\/122","targetHints":{"allow":["GET"]}}],"collection":[{"href":"https:\/\/respektieredeinegrenzen.com\/index.php\/wp-json\/wp\/v2\/pages"}],"about":[{"href":"https:\/\/respektieredeinegrenzen.com\/index.php\/wp-json\/wp\/v2\/types\/page"}],"author":[{"embeddable":true,"href":"https:\/\/respektieredeinegrenzen.com\/index.php\/wp-json\/wp\/v2\/users\/1"}],"replies":[{"embeddable":true,"href":"https:\/\/respektieredeinegrenzen.com\/index.php\/wp-json\/wp\/v2\/comments?post=122"}],"version-history":[{"count":149,"href":"https:\/\/respektieredeinegrenzen.com\/index.php\/wp-json\/wp\/v2\/pages\/122\/revisions"}],"predecessor-version":[{"id":1152,"href":"https:\/\/respektieredeinegrenzen.com\/index.php\/wp-json\/wp\/v2\/pages\/122\/revisions\/1152"}],"wp:attachment":[{"href":"https:\/\/respektieredeinegrenzen.com\/index.php\/wp-json\/wp\/v2\/media?parent=122"}],"curies":[{"name":"wp","href":"https:\/\/api.w.org\/{rel}","templated":true}]}}